{"id":6350,"date":"2023-01-09T14:00:31","date_gmt":"2023-01-09T19:00:31","guid":{"rendered":"https:\/\/www.anciensita.ca\/saint-hyacinthe\/?page_id=6350"},"modified":"2023-02-10T14:25:40","modified_gmt":"2023-02-10T19:25:40","slug":"merites-et-reconnaissances","status":"publish","type":"page","link":"https:\/\/www.anciensita.ca\/saint-hyacinthe\/dhier-a-aujourdhui-2\/merites-et-reconnaissances\/","title":{"rendered":"M\u00e9rites et reconnaissances"},"content":{"rendered":"\n<div id=\"wp-block-themeisle-blocks-advanced-columns-3320635f\" class=\"wp-block-themeisle-blocks-advanced-columns has-1-columns has-desktop-equal-layout has-tablet-equal-layout has-mobile-equal-layout has-vertical-unset\"><div class=\"wp-block-themeisle-blocks-advanced-columns-overlay\"><\/div><div class=\"innerblocks-wrap\">\n<div id=\"wp-block-themeisle-blocks-advanced-column-6c2ad2eb\" class=\"wp-block-themeisle-blocks-advanced-column\">\n<h2 class=\"wp-block-heading\">Mention d&rsquo;honneur du personnel enseignant<\/h2>\n\n\n\n<p>La Mention d\u2019honneur de l\u2019<a href=\"https:\/\/www.aqpc.qc.ca\/fr\/mention-honneur\">Association qu\u00e9b\u00e9coise de p\u00e9dagogie coll\u00e9giale (AQPC)<\/a> permet aux coll\u00e8ges, aux centres d\u2019\u00e9tudes coll\u00e9giales et aux \u00e9coles nationales membres associ\u00e9s de l\u2019AQPC de mettre en valeur l\u2019engagement p\u00e9dagogique d\u2019un membre de leur personnel enseignant ayant, par la qualit\u00e9 de son travail, contribu\u00e9 \u00e0 l\u2019\u00e9volution de l\u2019enseignement. (r\u00e9f\u00e9rence: <a href=\"https:\/\/www.aqpc.qc.ca\/fr\/mention-honneur\">https:\/\/www.aqpc.qc.ca\/fr\/mention-honneur<\/a>&nbsp;)<\/p>\n<\/div>\n<\/div><\/div>\n\n\n\n<div id=\"wp-block-themeisle-blocks-accordion-1f1e581e\" class=\"wp-block-themeisle-blocks-accordion exclusive\">\n<details class=\"wp-block-themeisle-blocks-accordion-item\"><summary class=\"wp-block-themeisle-blocks-accordion-item__title\"><div><strong>Les r\u00e9cipiendaires de 2015 \u00e0 2019<\/strong><\/div><\/summary><div class=\"wp-block-themeisle-blocks-accordion-item__content\">\n<div id=\"wp-block-themeisle-blocks-advanced-columns-810a281c\" class=\"wp-block-themeisle-blocks-advanced-columns has-4-columns has-desktop-equal-layout has-tablet-equal-layout has-mobile-collapsedRows-layout has-vertical-unset\"><div class=\"wp-block-themeisle-blocks-advanced-columns-overlay\"><\/div><div class=\"innerblocks-wrap\">\n<div id=\"wp-block-themeisle-blocks-advanced-column-37285930\" class=\"wp-block-themeisle-blocks-advanced-column\"><div class=\"wp-block-image\">\n<figure class=\"aligncenter size-full is-resized\"><a href=\"https:\/\/www.anciensita.ca\/saint-hyacinthe\/wp-content\/uploads\/2023\/01\/Sophie-mailloux-AQPC.jpg\"><img loading=\"lazy\" decoding=\"async\" src=\"https:\/\/www.anciensita.ca\/saint-hyacinthe\/wp-content\/uploads\/2023\/01\/Sophie-mailloux-AQPC.jpg\" alt=\"\" class=\"wp-image-6918\" width=\"154\" height=\"242\"\/><\/a><\/figure>\n<\/div>\n\n\n<p class=\"has-text-align-center\"><strong>2019&nbsp;<\/strong>Sophie Mailloux,<br \/>Horticulture<\/p>\n<\/div>\n\n\n\n<div id=\"wp-block-themeisle-blocks-advanced-column-395435f7\" class=\"wp-block-themeisle-blocks-advanced-column\"><div class=\"wp-block-image\">\n<figure class=\"aligncenter size-full\"><a href=\"https:\/\/www.anciensita.ca\/saint-hyacinthe\/wp-content\/uploads\/2023\/01\/Guy-Raymond-AQPC-creditPrinceDufortProduction.jpg\"><img loading=\"lazy\" decoding=\"async\" width=\"180\" height=\"251\" src=\"https:\/\/www.anciensita.ca\/saint-hyacinthe\/wp-content\/uploads\/2023\/01\/Guy-Raymond-AQPC-creditPrinceDufortProduction.jpg\" alt=\"\" class=\"wp-image-6920\"\/><\/a><\/figure>\n<\/div>\n\n\n<p class=\"has-text-align-center\"><strong>2018<\/strong>&nbsp;Guy Raymond<br \/>Sols et fertilisation, et production l\u00e9gumi\u00e8re en serre<\/p>\n<\/div>\n\n\n\n<div id=\"wp-block-themeisle-blocks-advanced-column-28999b18\" class=\"wp-block-themeisle-blocks-advanced-column\"><div class=\"wp-block-image\">\n<figure class=\"aligncenter size-full is-resized\"><a href=\"https:\/\/www.anciensita.ca\/saint-hyacinthe\/wp-content\/uploads\/2023\/01\/Martin-Gosselin.jpg\"><img loading=\"lazy\" decoding=\"async\" src=\"https:\/\/www.anciensita.ca\/saint-hyacinthe\/wp-content\/uploads\/2023\/01\/Martin-Gosselin.jpg\" alt=\"\" class=\"wp-image-6921\" width=\"172\" height=\"247\" srcset=\"https:\/\/www.anciensita.ca\/saint-hyacinthe\/wp-content\/uploads\/2023\/01\/Martin-Gosselin.jpg 253w, https:\/\/www.anciensita.ca\/saint-hyacinthe\/wp-content\/uploads\/2023\/01\/Martin-Gosselin-209x300.jpg 209w\" sizes=\"auto, (max-width: 172px) 100vw, 172px\" \/><\/a><\/figure>\n<\/div>\n\n\n<p class=\"has-text-align-center\"><strong>2016<\/strong>&nbsp;Martin Gosselin<br \/>Gestion et technologies d\u2019entreprise agricole<\/p>\n<\/div>\n\n\n\n<div id=\"wp-block-themeisle-blocks-advanced-column-f5c7c8e3\" class=\"wp-block-themeisle-blocks-advanced-column\"><div class=\"wp-block-image\">\n<figure class=\"aligncenter size-full is-resized\"><a href=\"https:\/\/www.anciensita.ca\/saint-hyacinthe\/wp-content\/uploads\/2023\/01\/GuylaineSauve-1.jpeg\"><img loading=\"lazy\" decoding=\"async\" src=\"https:\/\/www.anciensita.ca\/saint-hyacinthe\/wp-content\/uploads\/2023\/01\/GuylaineSauve-1.jpeg\" alt=\"\" class=\"wp-image-6923\" width=\"205\" height=\"244\" srcset=\"https:\/\/www.anciensita.ca\/saint-hyacinthe\/wp-content\/uploads\/2023\/01\/GuylaineSauve-1.jpeg 295w, https:\/\/www.anciensita.ca\/saint-hyacinthe\/wp-content\/uploads\/2023\/01\/GuylaineSauve-1-252x300.jpeg 252w\" sizes=\"auto, (max-width: 205px) 100vw, 205px\" \/><\/a><\/figure>\n<\/div>\n\n\n<p class=\"has-text-align-center\"><strong>2015&nbsp;<\/strong>Guylaine Sauv\u00e9<br \/>Techniques en production de bovin de boucherie et de bovin laitiers (GTEA et TPA)<\/p>\n<\/div>\n<\/div><\/div>\n<\/div><\/details>\n\n\n\n<details class=\"wp-block-themeisle-blocks-accordion-item\"><summary class=\"wp-block-themeisle-blocks-accordion-item__title\"><div><strong>Les r\u00e9cipiendaires de 2011 \u00e0 2014<\/strong><\/div><\/summary><div class=\"wp-block-themeisle-blocks-accordion-item__content\">\n<div id=\"wp-block-themeisle-blocks-advanced-columns-8ce8c799\" class=\"wp-block-themeisle-blocks-advanced-columns has-4-columns has-desktop-equal-layout has-tablet-equal-layout has-mobile-collapsedRows-layout has-vertical-unset\"><div class=\"wp-block-themeisle-blocks-advanced-columns-overlay\"><\/div><div class=\"innerblocks-wrap\">\n<div id=\"wp-block-themeisle-blocks-advanced-column-6078db46\" class=\"wp-block-themeisle-blocks-advanced-column\"><div class=\"wp-block-image\">\n<figure class=\"aligncenter size-full is-resized\"><a href=\"https:\/\/www.anciensita.ca\/saint-hyacinthe\/wp-content\/uploads\/2021\/05\/FrancoisLaliberteCAb.jpg\"><img loading=\"lazy\" decoding=\"async\" src=\"https:\/\/www.anciensita.ca\/saint-hyacinthe\/wp-content\/uploads\/2021\/05\/FrancoisLaliberteCAb.jpg\" alt=\"Francois Laliberte\" class=\"wp-image-5439\" width=\"177\" height=\"173\"\/><\/a><\/figure>\n<\/div>\n\n\n<p class=\"has-text-align-center\"><strong>2014&nbsp;<\/strong>Fran\u00e7ois Lalibert\u00e9,<br \/>Formation g\u00e9n\u00e9rale <br \/>(Philosophie et Histoire)<\/p>\n<\/div>\n\n\n\n<div id=\"wp-block-themeisle-blocks-advanced-column-dd9e0205\" class=\"wp-block-themeisle-blocks-advanced-column\"><div class=\"wp-block-image\">\n<figure class=\"aligncenter size-full is-resized\"><a href=\"https:\/\/www.anciensita.ca\/saint-hyacinthe\/wp-content\/uploads\/2014\/07\/Benoit-Daviau1.jpg\"><img loading=\"lazy\" decoding=\"async\" src=\"https:\/\/www.anciensita.ca\/saint-hyacinthe\/wp-content\/uploads\/2014\/07\/Benoit-Daviau1.jpg\" alt=\"\" class=\"wp-image-1264\" width=\"186\" height=\"186\" srcset=\"https:\/\/www.anciensita.ca\/saint-hyacinthe\/wp-content\/uploads\/2014\/07\/Benoit-Daviau1.jpg 500w, https:\/\/www.anciensita.ca\/saint-hyacinthe\/wp-content\/uploads\/2014\/07\/Benoit-Daviau1-300x300.jpg 300w, https:\/\/www.anciensita.ca\/saint-hyacinthe\/wp-content\/uploads\/2014\/07\/Benoit-Daviau1-100x100.jpg 100w, https:\/\/www.anciensita.ca\/saint-hyacinthe\/wp-content\/uploads\/2014\/07\/Benoit-Daviau1-150x150.jpg 150w\" sizes=\"auto, (max-width: 186px) 100vw, 186px\" \/><\/a><\/figure>\n<\/div>\n\n\n<p class=\"has-text-align-center\"><strong>2013<\/strong>&nbsp;&nbsp;Beno\u00eet Daviau,<br \/>Gestion et exploitation <br \/>d\u2019entreprise agricole<\/p>\n<\/div>\n\n\n\n<div id=\"wp-block-themeisle-blocks-advanced-column-947781ef\" class=\"wp-block-themeisle-blocks-advanced-column\"><div class=\"wp-block-image\">\n<figure class=\"aligncenter size-full is-resized\"><a href=\"https:\/\/www.anciensita.ca\/saint-hyacinthe\/wp-content\/uploads\/2014\/07\/Michel-Roy.jpg\"><img loading=\"lazy\" decoding=\"async\" src=\"https:\/\/www.anciensita.ca\/saint-hyacinthe\/wp-content\/uploads\/2014\/07\/Michel-Roy.jpg\" alt=\"\" class=\"wp-image-1268\" width=\"178\" height=\"178\" srcset=\"https:\/\/www.anciensita.ca\/saint-hyacinthe\/wp-content\/uploads\/2014\/07\/Michel-Roy.jpg 500w, https:\/\/www.anciensita.ca\/saint-hyacinthe\/wp-content\/uploads\/2014\/07\/Michel-Roy-300x300.jpg 300w, https:\/\/www.anciensita.ca\/saint-hyacinthe\/wp-content\/uploads\/2014\/07\/Michel-Roy-100x100.jpg 100w, https:\/\/www.anciensita.ca\/saint-hyacinthe\/wp-content\/uploads\/2014\/07\/Michel-Roy-150x150.jpg 150w\" sizes=\"auto, (max-width: 178px) 100vw, 178px\" \/><\/a><\/figure>\n<\/div>\n\n\n<p class=\"has-text-align-center\"><strong>2012<\/strong>&nbsp;Michel Roy,<br \/>Anglais langue seconde<\/p>\n<\/div>\n\n\n\n<div id=\"wp-block-themeisle-blocks-advanced-column-9d7d8a05\" class=\"wp-block-themeisle-blocks-advanced-column\"><div class=\"wp-block-image\">\n<figure class=\"aligncenter size-full is-resized\"><a href=\"https:\/\/www.anciensita.ca\/saint-hyacinthe\/wp-content\/uploads\/2014\/07\/Melanie-Latulippe.jpg\"><img loading=\"lazy\" decoding=\"async\" src=\"https:\/\/www.anciensita.ca\/saint-hyacinthe\/wp-content\/uploads\/2014\/07\/Melanie-Latulippe.jpg\" alt=\"\" class=\"wp-image-1262\" width=\"199\" height=\"186\" srcset=\"https:\/\/www.anciensita.ca\/saint-hyacinthe\/wp-content\/uploads\/2014\/07\/Melanie-Latulippe.jpg 519w, https:\/\/www.anciensita.ca\/saint-hyacinthe\/wp-content\/uploads\/2014\/07\/Melanie-Latulippe-300x281.jpg 300w\" sizes=\"auto, (max-width: 199px) 100vw, 199px\" \/><\/a><\/figure>\n<\/div>\n\n\n<p class=\"has-text-align-center\"><strong>2011&nbsp;<\/strong>M\u00e9lanie Latulippe,<br \/>Technologie des productions animales<\/p>\n<\/div>\n<\/div><\/div>\n<\/div><\/details>\n\n\n\n<details class=\"wp-block-themeisle-blocks-accordion-item\"><summary class=\"wp-block-themeisle-blocks-accordion-item__title\"><div><strong>Les r\u00e9cipiendaires de 2007 \u00e0 2010<\/strong><\/div><\/summary><div class=\"wp-block-themeisle-blocks-accordion-item__content\">\n<div id=\"wp-block-themeisle-blocks-advanced-columns-7379355e\" class=\"wp-block-themeisle-blocks-advanced-columns has-4-columns has-desktop-equal-layout has-tablet-equal-layout has-mobile-collapsedRows-layout has-vertical-unset\"><div class=\"wp-block-themeisle-blocks-advanced-columns-overlay\"><\/div><div class=\"innerblocks-wrap\">\n<div id=\"wp-block-themeisle-blocks-advanced-column-2d5a2e51\" class=\"wp-block-themeisle-blocks-advanced-column\">\n<p class=\"has-text-align-center\"><strong>2010<\/strong>&nbsp;Michel Jett\u00e9,<br \/>Gestion et exploitation <br \/>d\u2019entreprise agricole<\/p>\n<\/div>\n\n\n\n<div id=\"wp-block-themeisle-blocks-advanced-column-e0670d31\" class=\"wp-block-themeisle-blocks-advanced-column\">\n<p class=\"has-text-align-center\"><strong>2009<\/strong>&nbsp;Pierre Beaudry,<br \/>Technologie du <br \/>g\u00e9nie agrom\u00e9canique<\/p>\n<\/div>\n\n\n\n<div id=\"wp-block-themeisle-blocks-advanced-column-bf09e5bb\" class=\"wp-block-themeisle-blocks-advanced-column\">\n<p class=\"has-text-align-center\"><strong>2008<\/strong>&nbsp;L\u00e9on Guertin,<br \/>Technologie du <br \/>g\u00e9nie agrom\u00e9canique<\/p>\n<\/div>\n\n\n\n<div id=\"wp-block-themeisle-blocks-advanced-column-44a439c8\" class=\"wp-block-themeisle-blocks-advanced-column\">\n<p class=\"has-text-align-center\"><strong>2007<\/strong>&nbsp;Jean-Marc Boudreau,<br \/>Technologie de la production <br \/>horticole et de l\u2019environnement<\/p>\n<\/div>\n<\/div><\/div>\n<\/div><\/details>\n\n\n\n<details class=\"wp-block-themeisle-blocks-accordion-item\"><summary class=\"wp-block-themeisle-blocks-accordion-item__title\"><div><strong>Les r\u00e9cipiendaires de 2003 \u00e0 2006<\/strong><\/div><\/summary><div class=\"wp-block-themeisle-blocks-accordion-item__content\">\n<div id=\"wp-block-themeisle-blocks-advanced-columns-98f1c306\" class=\"wp-block-themeisle-blocks-advanced-columns has-4-columns has-desktop-equal-layout has-tablet-equal-layout has-mobile-collapsedRows-layout has-vertical-unset\"><div class=\"wp-block-themeisle-blocks-advanced-columns-overlay\"><\/div><div class=\"innerblocks-wrap\">\n<div id=\"wp-block-themeisle-blocks-advanced-column-ad3c8058\" class=\"wp-block-themeisle-blocks-advanced-column\">\n<p class=\"has-text-align-center\"><strong>2006<\/strong>&nbsp;Bruno Garon,<br \/>Technologie du <br \/>g\u00e9nie agrom\u00e9canique<\/p>\n<\/div>\n\n\n\n<div id=\"wp-block-themeisle-blocks-advanced-column-0e34f08a\" class=\"wp-block-themeisle-blocks-advanced-column\">\n<p class=\"has-text-align-center\"><strong>2005&nbsp;<\/strong>Jean-Claude Vigor,<br \/>Technologie de la production <br \/>horticole et de l\u2019environnement<\/p>\n<\/div>\n\n\n\n<div id=\"wp-block-themeisle-blocks-advanced-column-a27fd3e9\" class=\"wp-block-themeisle-blocks-advanced-column\">\n<p class=\"has-text-align-center\"><strong>2004&nbsp;<\/strong>Ginette Legault,<br \/>Formation g\u00e9n\u00e9rale (Fran\u00e7ais)<\/p>\n<\/div>\n\n\n\n<div id=\"wp-block-themeisle-blocks-advanced-column-bea6aba8\" class=\"wp-block-themeisle-blocks-advanced-column\">\n<p class=\"has-text-align-center\"><strong>2003&nbsp;<\/strong>Jean-Pierre H\u00e9bert,<br \/>Technologie de la <br \/>transformation des aliments<\/p>\n<\/div>\n<\/div><\/div>\n<\/div><\/details>\n\n\n\n<details class=\"wp-block-themeisle-blocks-accordion-item\"><summary class=\"wp-block-themeisle-blocks-accordion-item__title\"><div><strong>Les r\u00e9cipiendaires de 1999 \u00e0 2002<\/strong><\/div><\/summary><div class=\"wp-block-themeisle-blocks-accordion-item__content\">\n<div id=\"wp-block-themeisle-blocks-advanced-columns-5d7a64bd\" class=\"wp-block-themeisle-blocks-advanced-columns has-4-columns has-desktop-equal-layout has-tablet-equal-layout has-mobile-collapsedRows-layout has-vertical-unset\"><div class=\"wp-block-themeisle-blocks-advanced-columns-overlay\"><\/div><div class=\"innerblocks-wrap\">\n<div id=\"wp-block-themeisle-blocks-advanced-column-40c1f03c\" class=\"wp-block-themeisle-blocks-advanced-column\">\n<p class=\"has-text-align-center\"><strong>2002&nbsp;<\/strong>Roger Paquette,<br \/>Formation g\u00e9n\u00e9rale <br \/>(\u00c9ducation physique)<\/p>\n<\/div>\n\n\n\n<div id=\"wp-block-themeisle-blocks-advanced-column-7ef287c2\" class=\"wp-block-themeisle-blocks-advanced-column\">\n<p class=\"has-text-align-center\"><strong>2001&nbsp;<\/strong>Luce Lamothe,<br \/>Technologie de la <br \/>transformation des aliments<\/p>\n<\/div>\n\n\n\n<div id=\"wp-block-themeisle-blocks-advanced-column-9ea349ca\" class=\"wp-block-themeisle-blocks-advanced-column\">\n<p><strong>2000<\/strong>&nbsp;Aucun r\u00e9cipiendaire<\/p>\n<\/div>\n\n\n\n<div id=\"wp-block-themeisle-blocks-advanced-column-d0837b70\" class=\"wp-block-themeisle-blocks-advanced-column\">\n<p class=\"has-text-align-center\"><strong>1999<\/strong>&nbsp;Jean-Pierre Lessard,<br \/>Technologie des <br \/>\u00e9quipements agricoles<\/p>\n<\/div>\n<\/div><\/div>\n<\/div><\/details>\n<\/div>\n\n\n\n<div id=\"wp-block-themeisle-blocks-advanced-columns-3cc7ca26\" class=\"wp-block-themeisle-blocks-advanced-columns has-1-columns has-desktop-equal-layout has-tablet-equal-layout has-mobile-equal-layout has-vertical-unset\"><div class=\"wp-block-themeisle-blocks-advanced-columns-overlay\"><\/div><div class=\"innerblocks-wrap\">\n<div id=\"wp-block-themeisle-blocks-advanced-column-1dcd02f7\" class=\"wp-block-themeisle-blocks-advanced-column\">\n<h2 class=\"wp-block-heading\">M\u00e9rite technologique agroalimentaire<\/h2>\n\n\n\n<p>Le M\u00e9rite technologique agroalimentaire est une&nbsp;distinction remise annuellement, par l\u2019<strong><a rel=\"noopener\" href=\"http:\/\/www.technologuesagroalimentaire.com\" target=\"_blank\">Association des technologues en agroalimentaire<\/a><\/strong>, \u00e0 un technologue qui s\u2019est distingu\u00e9 pour son travail ou ses actions dans le domaine de l\u2019agroalimentaire. Plusieurs r\u00e9cipiendaires de ce prix ont \u00e9tudi\u00e9 ou oeuvr\u00e9 au campus de Saint-Hyacinthe. Pour voir la liste compl\u00e8tes de ceux-ci, veuillez vous rendre sur la page de l&rsquo;<a rel=\"noreferrer noopener\" href=\"https:\/\/www.technologuesagroalimentaire.com\/merite-technologique-agroalimentaire\/\" target=\"_blank\"><strong>ATA, M\u00e9rite technologique agroalimentaire<\/strong><\/a>.<\/p>\n<\/div>\n<\/div><\/div>\n\n\n\n<div id=\"wp-block-themeisle-blocks-advanced-columns-5c844aeb\" class=\"wp-block-themeisle-blocks-advanced-columns has-4-columns has-desktop-equal-layout has-tablet-equal-layout has-mobile-collapsedRows-layout has-vertical-unset\"><div class=\"wp-block-themeisle-blocks-advanced-columns-overlay\"><\/div><div class=\"innerblocks-wrap\">\n<div id=\"wp-block-themeisle-blocks-advanced-column-15bdf183\" class=\"wp-block-themeisle-blocks-advanced-column\">\n<figure class=\"wp-block-embed aligncenter is-type-video is-provider-youtube wp-block-embed-youtube wp-embed-aspect-16-9 wp-has-aspect-ratio\"><div class=\"wp-block-embed__wrapper\">\n<div class=\"nv-iframe-embed\"><iframe loading=\"lazy\" title=\"Yves Barr\u00e9 M\u00e9rite technologique agroalimentaire  2023\" width=\"1200\" height=\"675\" src=\"https:\/\/www.youtube.com\/embed\/lripdYXHTk8?feature=oembed\" frameborder=\"0\" allow=\"accelerometer; autoplay; clipboard-write; encrypted-media; gyroscope; picture-in-picture; web-share\" allowfullscreen><\/iframe><\/div>\n<\/div><figcaption class=\"wp-element-caption\">M\u00e9rite technologique agroalimentaire 2023, <br \/>Yves Barr\u00e9, T.P.<\/figcaption><\/figure>\n<\/div>\n\n\n\n<div id=\"wp-block-themeisle-blocks-advanced-column-0187ada7\" class=\"wp-block-themeisle-blocks-advanced-column\">\n<figure class=\"wp-block-embed aligncenter is-type-video is-provider-youtube wp-block-embed-youtube wp-embed-aspect-16-9 wp-has-aspect-ratio\"><div class=\"wp-block-embed__wrapper\">\n<div class=\"nv-iframe-embed\"><iframe loading=\"lazy\" title=\"Patrick Sullivan - M\u00e9rite technologique agroalimentaire 2022\" width=\"1200\" height=\"675\" src=\"https:\/\/www.youtube.com\/embed\/dLjPihC0PCE?feature=oembed\" frameborder=\"0\" allow=\"accelerometer; autoplay; clipboard-write; encrypted-media; gyroscope; picture-in-picture; web-share\" allowfullscreen><\/iframe><\/div>\n<\/div><figcaption class=\"wp-element-caption\">M\u00e9rite technologique agroalimentaire 2022, Patrick Sullivan, T.P.<\/figcaption><\/figure>\n<\/div>\n\n\n\n<div id=\"wp-block-themeisle-blocks-advanced-column-07d77a21\" class=\"wp-block-themeisle-blocks-advanced-column\">\n<figure class=\"wp-block-embed aligncenter is-type-video is-provider-youtube wp-block-embed-youtube wp-embed-aspect-16-9 wp-has-aspect-ratio\"><div class=\"wp-block-embed__wrapper\">\n<div class=\"nv-iframe-embed\"><iframe loading=\"lazy\" title=\"Pierre Perreault, M\u00e9rite technologique  agroalimentaire 2021\" width=\"1200\" height=\"675\" src=\"https:\/\/www.youtube.com\/embed\/DRZXeohcNUc?feature=oembed\" frameborder=\"0\" allow=\"accelerometer; autoplay; clipboard-write; encrypted-media; gyroscope; picture-in-picture; web-share\" allowfullscreen><\/iframe><\/div>\n<\/div><figcaption class=\"wp-element-caption\">M\u00e9rite technologique agroalimentaire 2021, Pierre Perreault, T.P.<\/figcaption><\/figure>\n<\/div>\n\n\n\n<div id=\"wp-block-themeisle-blocks-advanced-column-6166369c\" class=\"wp-block-themeisle-blocks-advanced-column\">\n<figure class=\"wp-block-embed aligncenter is-type-video is-provider-youtube wp-block-embed-youtube wp-embed-aspect-16-9 wp-has-aspect-ratio\"><div class=\"wp-block-embed__wrapper\">\n<div class=\"nv-iframe-embed\"><iframe loading=\"lazy\" title=\"Luc Morissette, T.P., M\u00e9rite technologique agroalimentaire  2020\" width=\"1200\" height=\"675\" src=\"https:\/\/www.youtube.com\/embed\/EvI7Yt7f-8s?feature=oembed\" frameborder=\"0\" allow=\"accelerometer; autoplay; clipboard-write; encrypted-media; gyroscope; picture-in-picture; web-share\" allowfullscreen><\/iframe><\/div>\n<\/div><figcaption class=\"wp-element-caption\">M\u00e9rite technologique agroalimentaire 2020,&nbsp;<br \/>Luc Morissette, T.P.<\/figcaption><\/figure>\n<\/div>\n<\/div><\/div>\n\n\n\n<div id=\"wp-block-themeisle-blocks-advanced-columns-1b022c04\" class=\"wp-block-themeisle-blocks-advanced-columns has-4-columns has-desktop-equal-layout has-tablet-equal-layout has-mobile-collapsedRows-layout has-vertical-unset\"><div class=\"wp-block-themeisle-blocks-advanced-columns-overlay\"><\/div><div class=\"innerblocks-wrap\">\n<div id=\"wp-block-themeisle-blocks-advanced-column-7baa74da\" class=\"wp-block-themeisle-blocks-advanced-column\">\n<figure class=\"wp-block-embed aligncenter is-type-video is-provider-youtube wp-block-embed-youtube wp-embed-aspect-16-9 wp-has-aspect-ratio\"><div class=\"wp-block-embed__wrapper\">\n<div class=\"nv-iframe-embed\"><iframe loading=\"lazy\" title=\"Jacques Dion vf 22 janv\" width=\"1200\" height=\"675\" src=\"https:\/\/www.youtube.com\/embed\/YSWrCWNnwXs?feature=oembed\" frameborder=\"0\" allow=\"accelerometer; autoplay; clipboard-write; encrypted-media; gyroscope; picture-in-picture; web-share\" allowfullscreen><\/iframe><\/div>\n<\/div><figcaption class=\"wp-element-caption\">M\u00e9rite technologique agroalimentaire 2019, Jacques Dion, T.P.<\/figcaption><\/figure>\n<\/div>\n\n\n\n<div id=\"wp-block-themeisle-blocks-advanced-column-78ce82b3\" class=\"wp-block-themeisle-blocks-advanced-column\">\n<figure class=\"wp-block-embed aligncenter is-type-video is-provider-youtube wp-block-embed-youtube wp-embed-aspect-16-9 wp-has-aspect-ratio\"><div class=\"wp-block-embed__wrapper\">\n<div class=\"nv-iframe-embed\"><iframe loading=\"lazy\" title=\"M\u00c9RITE TECHNOLOGIQUE AGROALIMENTAIRE 2018\" width=\"1200\" height=\"675\" src=\"https:\/\/www.youtube.com\/embed\/5mSK1xXIzB4?feature=oembed\" frameborder=\"0\" allow=\"accelerometer; autoplay; clipboard-write; encrypted-media; gyroscope; picture-in-picture; web-share\" allowfullscreen><\/iframe><\/div>\n<\/div><figcaption class=\"wp-element-caption\">M\u00e9rite technologique agroalimentaire 2018, Christian Mass\u00e9, T.P.<\/figcaption><\/figure>\n<\/div>\n\n\n\n<div id=\"wp-block-themeisle-blocks-advanced-column-6fc35580\" class=\"wp-block-themeisle-blocks-advanced-column\">\n<figure class=\"wp-block-embed aligncenter is-type-video is-provider-youtube wp-block-embed-youtube wp-embed-aspect-16-9 wp-has-aspect-ratio\"><div class=\"wp-block-embed__wrapper\">\n<div class=\"nv-iframe-embed\"><iframe loading=\"lazy\" title=\"M\u00e9rite technologique agroalimentaire 2017\" width=\"1200\" height=\"675\" src=\"https:\/\/www.youtube.com\/embed\/xg3KcvPV9Ag?feature=oembed\" frameborder=\"0\" allow=\"accelerometer; autoplay; clipboard-write; encrypted-media; gyroscope; picture-in-picture; web-share\" allowfullscreen><\/iframe><\/div>\n<\/div><figcaption class=\"wp-element-caption\">M\u00e9rite technologique agroalimentaire 2017, R\u00e9jean Gigu\u00e8re, T.P.<\/figcaption><\/figure>\n<\/div>\n\n\n\n<div id=\"wp-block-themeisle-blocks-advanced-column-e957f30d\" class=\"wp-block-themeisle-blocks-advanced-column\">\n<figure class=\"wp-block-embed aligncenter is-type-video is-provider-youtube wp-block-embed-youtube wp-embed-aspect-16-9 wp-has-aspect-ratio\"><div class=\"wp-block-embed__wrapper\">\n<div class=\"nv-iframe-embed\"><iframe loading=\"lazy\" title=\"M\u00e9rite technologique agroalimentaire 2016\" width=\"1200\" height=\"675\" src=\"https:\/\/www.youtube.com\/embed\/AWkfGMGEexA?feature=oembed\" frameborder=\"0\" allow=\"accelerometer; autoplay; clipboard-write; encrypted-media; gyroscope; picture-in-picture; web-share\" allowfullscreen><\/iframe><\/div>\n<\/div><figcaption class=\"wp-element-caption\">M\u00e9rite technologique agroalimentaire 2016, Claire Ouellet et Germain Lehoux<\/figcaption><\/figure>\n<\/div>\n<\/div><\/div>\n\n\n\n<div id=\"wp-block-themeisle-blocks-advanced-columns-dc1a9b38\" class=\"wp-block-themeisle-blocks-advanced-columns has-1-columns has-desktop-equal-layout has-tablet-equal-layout has-mobile-equal-layout has-vertical-unset\"><div class=\"wp-block-themeisle-blocks-advanced-columns-overlay\"><\/div><div class=\"innerblocks-wrap\">\n<div id=\"wp-block-themeisle-blocks-advanced-column-c2a8693d\" class=\"wp-block-themeisle-blocks-advanced-column\">\n<h2 class=\"wp-block-heading\">M\u00e9rite \u00c9douard-Brochu<\/h2>\n\n\n\n<p>La Fondation \u00c9douard-Brochu de l\u2019ITA de Saint-Hyacinthe a \u00e9t\u00e9 mise sur pied en 2000 et a pour mission, entre autres, de parfaire la formation des \u00e9l\u00e8ves en leur offrant un soutien financier en compl\u00e9ment \u00e0 leur programme d\u2019\u00e9tudes. En hommage aux b\u00e2tisseurs, aux personnes qui ont contribu\u00e9 au d\u00e9veloppement de l\u2019enseignement, de l\u2019expertise ou de la profession de technologue dans le secteur agroalimentaire, voici la liste des r\u00e9cipiendaires de certains prix remis, entre autres, \u00e0 des anciens de l\u2019ITA, campus de Saint-Hyacinthe.<br \/>Pour plus d&rsquo;information sur la fondation et dur M. Brochu, <strong>suivre ce lien<\/strong>.<\/p>\n<\/div>\n<\/div><\/div>\n\n\n\n<div style=\"height:50px\" aria-hidden=\"true\" class=\"wp-block-spacer\"><\/div>\n\n\n\n<div id=\"wp-block-themeisle-blocks-advanced-columns-5a35889a\" class=\"wp-block-themeisle-blocks-advanced-columns has-1-columns has-desktop-equal-layout has-tablet-equal-layout has-mobile-equal-layout has-vertical-unset\"><div class=\"wp-block-themeisle-blocks-advanced-columns-overlay\"><\/div><div class=\"innerblocks-wrap\">\n<div id=\"wp-block-themeisle-blocks-advanced-column-df43d3e4\" class=\"wp-block-themeisle-blocks-advanced-column\">\n<div id=\"wp-block-themeisle-blocks-tabs-7b8516e3\" class=\"wp-block-themeisle-blocks-tabs\"><div class=\"wp-block-themeisle-blocks-tabs__content\">\n<div data-title=\"2017 \u00e0 2022\" class=\"wp-block-themeisle-blocks-tabs-item\"><div class=\"wp-block-themeisle-blocks-tabs-item__header\" tabindex=\"0\">2017 \u00e0 2022<\/div><div class=\"wp-block-themeisle-blocks-tabs-item__content\">\n<div class=\"wp-block-columns is-layout-flex wp-container-core-columns-is-layout-9d6595d7 wp-block-columns-is-layout-flex\">\n<div class=\"wp-block-column is-layout-flow wp-block-column-is-layout-flow\">\n<ul class=\"wp-block-list\">\n<li>2017 &nbsp; &nbsp; &nbsp; &nbsp; &nbsp;Simon Parent (Horticulture l\u00e9gumi\u00e8re et fruiti\u00e8re \u2013 1998)<\/li>\n\n\n\n<li>2018 &nbsp; &nbsp; &nbsp; &nbsp; Alain Desautels <br \/>(Gestion et exploitation d\u2019entreprise agricole \u2013 1993)<\/li>\n\n\n\n<li>2019 &nbsp; &nbsp; &nbsp; &nbsp; &nbsp;Christian Brunet<br \/>(Paysagement et commercialisation en horticulture ornementale \u2013 1999)<\/li>\n\n\n\n<li>2021 &nbsp; &nbsp; &nbsp; &nbsp; &nbsp;R\u00e9mi Bourgault (Technolohie du g\u00e9nie rural \u2013 1993)<\/li>\n\n\n\n<li>2022 &nbsp; &nbsp; &nbsp; &nbsp; &nbsp;Alain Chalifoux (Technologie Alimentaire \u2013 1988)<\/li>\n<\/ul>\n<\/div>\n\n\n\n<div class=\"wp-block-column is-layout-flow wp-block-column-is-layout-flow\"><div class=\"wp-block-image\">\n<figure class=\"aligncenter size-full is-resized\"><a href=\"https:\/\/www.anciensita.ca\/saint-hyacinthe\/wp-content\/uploads\/2021\/11\/AlainChalifoux2.jpeg\"><img loading=\"lazy\" decoding=\"async\" src=\"https:\/\/www.anciensita.ca\/saint-hyacinthe\/wp-content\/uploads\/2021\/11\/AlainChalifoux2.jpeg\" alt=\"\" class=\"wp-image-5751\" width=\"375\" height=\"250\" srcset=\"https:\/\/www.anciensita.ca\/saint-hyacinthe\/wp-content\/uploads\/2021\/11\/AlainChalifoux2.jpeg 750w, https:\/\/www.anciensita.ca\/saint-hyacinthe\/wp-content\/uploads\/2021\/11\/AlainChalifoux2-600x399.jpeg 600w, https:\/\/www.anciensita.ca\/saint-hyacinthe\/wp-content\/uploads\/2021\/11\/AlainChalifoux2-300x200.jpeg 300w, https:\/\/www.anciensita.ca\/saint-hyacinthe\/wp-content\/uploads\/2021\/11\/AlainChalifoux2-480x319.jpeg 480w\" sizes=\"auto, (max-width: 375px) 100vw, 375px\" \/><\/a><figcaption class=\"wp-element-caption\">Alain Chalifoux &#8211; R\u00e9cipiendaire 2022<\/figcaption><\/figure>\n<\/div><\/div>\n<\/div>\n<\/div><\/div>\n\n\n\n<div data-title=\"2011 \u00e0 2016\" class=\"wp-block-themeisle-blocks-tabs-item\"><div class=\"wp-block-themeisle-blocks-tabs-item__header\" tabindex=\"0\">2011 \u00e0 2016<\/div><div class=\"wp-block-themeisle-blocks-tabs-item__content\">\n<ul class=\"wp-block-list\">\n<li>2011&nbsp;&nbsp;&nbsp;&nbsp;&nbsp;&nbsp;&nbsp;&nbsp;&nbsp;&nbsp; Claude Corbeil (Exploitant de ferme 1979)<\/li>\n\n\n\n<li>2013 &nbsp; &nbsp; &nbsp; &nbsp; &nbsp;Albert Mondor (Horticulture ornementale \u2013 1990)<\/li>\n\n\n\n<li>2014 &nbsp; &nbsp; &nbsp; &nbsp; &nbsp; Patrick Allard (Technologie du g\u00e9nie agrom\u00e9canique \u2013 1993)<\/li>\n\n\n\n<li>2015 &nbsp; &nbsp; &nbsp; &nbsp; &nbsp;&nbsp;Maryse Labb\u00e9&nbsp; (Zootechnologie \u2013 1993)<\/li>\n\n\n\n<li>2016 &nbsp; &nbsp; &nbsp; &nbsp; &nbsp;Gislain Charest (Technologie alimentaire \u2013 Produit laitier \u2013 1990)<\/li>\n<\/ul>\n<\/div><\/div>\n\n\n\n<div data-title=\"2006 \u00e0 2010\" class=\"wp-block-themeisle-blocks-tabs-item\"><div class=\"wp-block-themeisle-blocks-tabs-item__header\" tabindex=\"0\">2006 \u00e0 2010<\/div><div class=\"wp-block-themeisle-blocks-tabs-item__content\">\n<ul class=\"wp-block-list\">\n<li>2006&nbsp;&nbsp;&nbsp;&nbsp;&nbsp;&nbsp;&nbsp;&nbsp;&nbsp;&nbsp; Fran\u00e7ois Cousineau (Horticulture l\u00e9gumi\u00e8re et fruiti\u00e8re 1976)<\/li>\n\n\n\n<li>2007&nbsp;&nbsp;&nbsp;&nbsp;&nbsp;&nbsp;&nbsp;&nbsp;&nbsp;&nbsp; Sandra Dagenais (Zootechnologie 1987)<\/li>\n\n\n\n<li>2008&nbsp;&nbsp;&nbsp;&nbsp;&nbsp;&nbsp;&nbsp;&nbsp;&nbsp;&nbsp; Mario Bergeron (Technologie alimentaire, produits laitiers 1988)<\/li>\n\n\n\n<li>2009&nbsp;&nbsp;&nbsp;&nbsp;&nbsp;&nbsp;&nbsp;&nbsp;&nbsp;&nbsp; Donat Roy (dipl\u00f4m\u00e9 de l\u2019\u00e9cole de laiterie en 1950)<\/li>\n\n\n\n<li>2010&nbsp;&nbsp;&nbsp;&nbsp;&nbsp;&nbsp;&nbsp;&nbsp;&nbsp;&nbsp; Ga\u00e9tan Dor\u00e9 (Horticulture l\u00e9gumi\u00e8re et fruiti\u00e8re 1975)<\/li>\n<\/ul>\n<\/div><\/div>\n\n\n\n<div data-title=\"2001 \u00e0 2005\" class=\"wp-block-themeisle-blocks-tabs-item\"><div class=\"wp-block-themeisle-blocks-tabs-item__header\" tabindex=\"0\">2001 \u00e0 2005<\/div><div class=\"wp-block-themeisle-blocks-tabs-item__content\">\n<div id=\"wp-block-themeisle-blocks-advanced-columns-74a031e8\" class=\"wp-block-themeisle-blocks-advanced-columns has-2-columns has-desktop-equal-layout has-tablet-equal-layout has-mobile-collapsedRows-layout has-vertical-unset\"><div class=\"wp-block-themeisle-blocks-advanced-columns-overlay\"><\/div><div class=\"innerblocks-wrap\">\n<div id=\"wp-block-themeisle-blocks-advanced-column-4f348167\" class=\"wp-block-themeisle-blocks-advanced-column\">\n<div style=\"height:100px\" aria-hidden=\"true\" class=\"wp-block-spacer\"><\/div>\n\n\n\n<ul class=\"wp-block-list\">\n<li>2001&nbsp;&nbsp;&nbsp;&nbsp;&nbsp;&nbsp;&nbsp;&nbsp;&nbsp;&nbsp; Andr\u00e9 Beaudoin (dipl\u00f4m\u00e9 en gestion et exploitation d\u2019entreprise agricole)<\/li>\n\n\n\n<li>2002&nbsp;&nbsp;&nbsp;&nbsp;&nbsp;&nbsp;&nbsp;&nbsp;&nbsp;&nbsp; Robert Malouin (Hydraulique agricole 1983)<\/li>\n\n\n\n<li>2003&nbsp;&nbsp;&nbsp;&nbsp;&nbsp;&nbsp;&nbsp;&nbsp;&nbsp;&nbsp; Andr\u00e9 Mousseau (Horticulture ornementale 1973)<\/li>\n\n\n\n<li>2004&nbsp;&nbsp;&nbsp;&nbsp;&nbsp;&nbsp;&nbsp;&nbsp;&nbsp;&nbsp; Patricia Lemay (Technique de laboratoire 1969)<\/li>\n\n\n\n<li>2005&nbsp;&nbsp;&nbsp;&nbsp;&nbsp;&nbsp;&nbsp;&nbsp;&nbsp;&nbsp; Fran\u00e7ois Brouillard (Zootechnologie 1982)<\/li>\n<\/ul>\n<\/div>\n\n\n\n<div id=\"wp-block-themeisle-blocks-advanced-column-6dd1f830\" class=\"wp-block-themeisle-blocks-advanced-column\"><div class=\"wp-block-image\">\n<figure class=\"aligncenter size-large\"><img decoding=\"async\" src=\"https:\/\/www.anciensita.ca\/saint-hyacinthe\/wp-content\/uploads\/2021\/09\/Cactus.jpg\" alt=\"\"\/><figcaption class=\"wp-element-caption\">Andr\u00e9 Mousseau, r\u00e9cipiendaire 2003<\/figcaption><\/figure>\n<\/div><\/div>\n<\/div><\/div>\n<\/div><\/div>\n\n\n\n<div data-title=\"1992 \u00e0 2000\" class=\"wp-block-themeisle-blocks-tabs-item\"><div class=\"wp-block-themeisle-blocks-tabs-item__header\" tabindex=\"0\">1992 \u00e0 2000<\/div><div class=\"wp-block-themeisle-blocks-tabs-item__content\">\n<ul class=\"wp-block-list\">\n<li>1992&nbsp;&nbsp;&nbsp;&nbsp;&nbsp;&nbsp;&nbsp;&nbsp;&nbsp;&nbsp; Gilles McDuff (Horticulture 1968)<\/li>\n\n\n\n<li>1993&nbsp;&nbsp;&nbsp;&nbsp;&nbsp;&nbsp;&nbsp;&nbsp;&nbsp;&nbsp; Ren\u00e9 Bessette (Exploitant de ferme 1983) \/ Claude Couture (HLF 1982)<\/li>\n\n\n\n<li>1994&nbsp;&nbsp;&nbsp;&nbsp;&nbsp;&nbsp;&nbsp;&nbsp;&nbsp;&nbsp; Laurent L\u00e9pine (Zootechnologie 1972)<\/li>\n\n\n\n<li>1999&nbsp;&nbsp;&nbsp;&nbsp;&nbsp;&nbsp;&nbsp;&nbsp;&nbsp;&nbsp; Gilles Cardinal (Salubrit\u00e9 des aliments 1966)<\/li>\n\n\n\n<li>2000&nbsp;&nbsp;&nbsp;&nbsp;&nbsp;&nbsp;&nbsp;&nbsp;&nbsp;&nbsp; Jean-Jacques Lincourt (Horticulture ornementale 1978)<\/li>\n<\/ul>\n<\/div><\/div>\n\n\n\n<div data-title=\"1987 \u00e0 1991\" class=\"wp-block-themeisle-blocks-tabs-item\"><div class=\"wp-block-themeisle-blocks-tabs-item__header\" tabindex=\"0\">1987 \u00e0 1991<\/div><div class=\"wp-block-themeisle-blocks-tabs-item__content\">\n<ul class=\"wp-block-list\">\n<li>1987&nbsp;&nbsp;&nbsp;&nbsp;&nbsp;&nbsp;&nbsp;&nbsp;&nbsp;&nbsp; Denis Gu\u00e9rard (Technique de laboratoire 1969)<\/li>\n\n\n\n<li>1988&nbsp;&nbsp;&nbsp;&nbsp;&nbsp;&nbsp;&nbsp;&nbsp;&nbsp;&nbsp; Andr\u00e9 D. Beaudoin (Gestion et exploitation d\u2019entreprise agricole 1978)<\/li>\n\n\n\n<li>1989&nbsp;&nbsp;&nbsp;&nbsp;&nbsp;&nbsp;&nbsp;&nbsp;&nbsp;&nbsp; Jacques Lemay (Zootechnologie 1972)<\/li>\n\n\n\n<li>1990&nbsp;&nbsp;&nbsp;&nbsp;&nbsp;&nbsp;&nbsp;&nbsp;&nbsp;&nbsp; Laval Lapointe (Technologie laiti\u00e8re 1979)<\/li>\n\n\n\n<li>1991&nbsp;&nbsp;&nbsp;&nbsp;&nbsp;&nbsp;&nbsp;&nbsp;&nbsp;&nbsp; R\u00e9jean Drouin (Horticulture l\u00e9gumi\u00e8re et fruiti\u00e8re 1973)<\/li>\n<\/ul>\n<\/div><\/div>\n\n\n\n<div data-title=\"1979 \u00e0 1086\" class=\"wp-block-themeisle-blocks-tabs-item\"><div class=\"wp-block-themeisle-blocks-tabs-item__header\" tabindex=\"0\">1979 \u00e0 1086<\/div><div class=\"wp-block-themeisle-blocks-tabs-item__content\">\n<div id=\"wp-block-themeisle-blocks-advanced-columns-bff66d88\" class=\"wp-block-themeisle-blocks-advanced-columns has-2-columns has-desktop-equal-layout has-tablet-equal-layout has-mobile-collapsedRows-layout has-vertical-unset\"><div class=\"wp-block-themeisle-blocks-advanced-columns-overlay\"><\/div><div class=\"innerblocks-wrap\">\n<div id=\"wp-block-themeisle-blocks-advanced-column-436e146f\" class=\"wp-block-themeisle-blocks-advanced-column\">\n<ul class=\"wp-block-list\">\n<li>1979&nbsp;&nbsp;&nbsp;&nbsp;&nbsp;&nbsp;&nbsp;&nbsp;&nbsp;&nbsp; Pierre-Paul Fiset (Technologie alimentaire 1965)<\/li>\n\n\n\n<li>1980&nbsp;&nbsp;&nbsp;&nbsp;&nbsp;&nbsp;&nbsp;&nbsp;&nbsp;&nbsp; Yvette Petibois-Paill\u00e9 (Horticulture ornementale 1970)<\/li>\n\n\n\n<li>1982&nbsp;&nbsp;&nbsp;&nbsp;&nbsp;&nbsp;&nbsp;&nbsp;&nbsp;&nbsp; Gabriel Sylvestre (Machinisme agricole 1970)<\/li>\n\n\n\n<li>1983&nbsp;&nbsp;&nbsp;&nbsp;&nbsp;&nbsp;&nbsp;&nbsp;&nbsp;&nbsp; Ronald Tremblay (Technologie alimentaire 1973)<\/li>\n\n\n\n<li>1984&nbsp;&nbsp;&nbsp;&nbsp;&nbsp;&nbsp;&nbsp;&nbsp;&nbsp;&nbsp; Daniel Sylvestre (Zootechnologie 1968)<\/li>\n\n\n\n<li>1985&nbsp;&nbsp;&nbsp;&nbsp;&nbsp;&nbsp;&nbsp;&nbsp;&nbsp;&nbsp; Jean-Pierre Rodier (Horticulture ornementale 1978)<\/li>\n\n\n\n<li>1986&nbsp;&nbsp;&nbsp;&nbsp;&nbsp;&nbsp;&nbsp;&nbsp;&nbsp;&nbsp; Maurice Gigu\u00e8re (Technologie laiti\u00e8re 1970)<\/li>\n<\/ul>\n<\/div>\n\n\n\n<div id=\"wp-block-themeisle-blocks-advanced-column-041a3544\" class=\"wp-block-themeisle-blocks-advanced-column\"><div class=\"wp-block-image\">\n<figure class=\"aligncenter size-large\"><img decoding=\"async\" src=\"https:\/\/www.anciensita.ca\/saint-hyacinthe\/wp-content\/uploads\/2014\/08\/Sans-titre-41.jpg\" alt=\"\"\/><figcaption class=\"wp-element-caption\">Jean-Pierre Rodier &#8211; R\u00e9cipiendaire 1985<\/figcaption><\/figure>\n<\/div><\/div>\n<\/div><\/div>\n<\/div><\/div>\n<\/div><\/div>\n<\/div>\n<\/div><\/div>\n\n\n\n<div style=\"height:100px\" aria-hidden=\"true\" class=\"wp-block-spacer\"><\/div>\n","protected":false},"excerpt":{"rendered":"","protected":false},"author":1,"featured_media":0,"parent":937,"menu_order":0,"comment_status":"closed","ping_status":"closed","template":"","meta":{"neve_meta_sidebar":"","neve_meta_container":"","neve_meta_enable_content_width":"on","neve_meta_content_width":90,"neve_meta_title_alignment":"","neve_meta_author_avatar":"","neve_post_elements_order":"","neve_meta_disable_header":"","neve_meta_disable_footer":"","neve_meta_disable_title":"","_themeisle_gutenberg_block_has_review":false,"footnotes":""},"class_list":["post-6350","page","type-page","status-publish","hentry"],"_links":{"self":[{"href":"https:\/\/www.anciensita.ca\/saint-hyacinthe\/wp-json\/wp\/v2\/pages\/6350","targetHints":{"allow":["GET"]}}],"collection":[{"href":"https:\/\/www.anciensita.ca\/saint-hyacinthe\/wp-json\/wp\/v2\/pages"}],"about":[{"href":"https:\/\/www.anciensita.ca\/saint-hyacinthe\/wp-json\/wp\/v2\/types\/page"}],"author":[{"embeddable":true,"href":"https:\/\/www.anciensita.ca\/saint-hyacinthe\/wp-json\/wp\/v2\/users\/1"}],"replies":[{"embeddable":true,"href":"https:\/\/www.anciensita.ca\/saint-hyacinthe\/wp-json\/wp\/v2\/comments?post=6350"}],"version-history":[{"count":22,"href":"https:\/\/www.anciensita.ca\/saint-hyacinthe\/wp-json\/wp\/v2\/pages\/6350\/revisions"}],"predecessor-version":[{"id":7042,"href":"https:\/\/www.anciensita.ca\/saint-hyacinthe\/wp-json\/wp\/v2\/pages\/6350\/revisions\/7042"}],"up":[{"embeddable":true,"href":"https:\/\/www.anciensita.ca\/saint-hyacinthe\/wp-json\/wp\/v2\/pages\/937"}],"wp:attachment":[{"href":"https:\/\/www.anciensita.ca\/saint-hyacinthe\/wp-json\/wp\/v2\/media?parent=6350"}],"curies":[{"name":"wp","href":"https:\/\/api.w.org\/{rel}","templated":true}]}}